{"id":4928,"date":"2026-04-27T14:14:23","date_gmt":"2026-04-27T14:14:23","guid":{"rendered":"https:\/\/www.loccasioncafe.com\/?post_type=product&#038;p=4928"},"modified":"2026-04-27T14:14:23","modified_gmt":"2026-04-27T14:14:23","slug":"cafe-sexologie-mardi-12-mai-18h30-20h","status":"publish","type":"product","link":"https:\/\/www.loccasioncafe.com\/?product=cafe-sexologie-mardi-12-mai-18h30-20h","title":{"rendered":"Caf\u00e9 sexologie &#8211; Mardi 12 mai &#8211; 18h30-20h"},"content":{"rendered":"<p data-start=\"0\" data-end=\"35\"><strong data-start=\"4\" data-end=\"33\">Caf\u00e9 Sexologie : Le D\u00e9sir \u2728\u00a0<\/strong><\/p>\n<p data-start=\"37\" data-end=\"128\">Le d\u00e9sir\u2026 mais de quoi parle-t-on vraiment ? D\u00e9sir, envie, libido : quelles diff\u00e9rences ?<\/p>\n<p data-start=\"130\" data-end=\"267\">Peut-on d\u00e9sirer sans aimer ? Aimer sans d\u00e9sirer ? Comment le d\u00e9sir na\u00eet-il, s\u2019exprime-t-il, \u00e9volue-t-il ? Peut-il durer dans le temps ?<\/p>\n<p data-start=\"269\" data-end=\"447\">Interrogeons-nous ensemble lors d\u2019un moment d\u2019\u00e9change bienveillant et sans tabou, anim\u00e9 par <span class=\"hover:entity-accent entity-underline inline cursor-pointer align-baseline\"><span class=\"whitespace-normal\">Olivia Bernard<\/span><\/span> et <span class=\"hover:entity-accent entity-underline inline cursor-pointer align-baseline\"><span class=\"whitespace-normal\">J\u00e9r\u00e9mie Bachet<\/span><\/span>. \ud83d\udcac\ud83d\udc9b<\/p>\n<p data-start=\"449\" data-end=\"556\" data-is-last-node=\"\" data-is-only-node=\"\">\ud83d\udcc5 Mardi 12 mai, de 18h30 \u00e0 20h30<br data-start=\"482\" data-end=\"485\" \/>\ud83d\udccd <span class=\"hover:entity-accent entity-underline inline cursor-pointer align-baseline\"><span class=\"whitespace-normal\">L&rsquo;Occasion<\/span><\/span>, 188 rue de Vesle, 51100 Reims<\/p>\n","protected":false},"excerpt":{"rendered":"<p data-start=\"0\" data-end=\"35\"><strong data-start=\"4\" data-end=\"33\">Caf\u00e9 Sexologie : Le D\u00e9sir \u2728\u00a0<\/strong><\/p>\n<p data-start=\"449\" data-end=\"556\" data-is-last-node=\"\" data-is-only-node=\"\">\ud83d\udcc5 Mardi 12 mai, de 18h30 \u00e0 20h30<br data-start=\"482\" data-end=\"485\" \/>\ud83d\udccd <span class=\"hover:entity-accent entity-underline inline cursor-pointer align-baseline\"><span class=\"whitespace-normal\">L&rsquo;Occasion<\/span><\/span>, 188 rue de Vesle, 51100 Reims<\/p>\n","protected":false},"featured_media":4930,"comment_status":"closed","ping_status":"closed","template":"","meta":{"inline_featured_image":false},"product_brand":[],"product_cat":[98],"product_tag":[],"class_list":{"0":"post-4928","1":"product","2":"type-product","3":"status-publish","4":"has-post-thumbnail","6":"product_cat-non-classe","8":"first","9":"instock","10":"purchasable","11":"product-type-simple"},"yoast_head":"<!-- This site is optimized with the Yoast SEO plugin v27.5 - https:\/\/yoast.com\/product\/yoast-seo-wordpress\/ -->\n<title>Caf\u00e9 sexologie - Mardi 12 mai - 18h30-20h - L&#039;Occasion Caf\u00e9<\/title>\n<meta name=\"description\" content=\"Le d\u00e9sir\u2026 mais de quoi parle-t-on vraiment ? D\u00e9sir, envie, libido : quelles diff\u00e9rences ?Peut-on d\u00e9sirer sans aimer ? Aimer sans d\u00e9sirer ? Comment le d\u00e9sir na\u00eet-il, s\u2019exprime-t-il, \u00e9volue-t-il ? Peut-il durer dans le temps ?\" \/>\n<meta name=\"robots\" content=\"index, follow, max-snippet:-1, max-image-preview:large, max-video-preview:-1\" \/>\n<link rel=\"canonical\" href=\"https:\/\/www.loccasioncafe.com\/?product=cafe-sexologie-mardi-12-mai-18h30-20h\" \/>\n<meta property=\"og:locale\" content=\"fr_FR\" \/>\n<meta property=\"og:type\" content=\"article\" \/>\n<meta property=\"og:title\" content=\"Caf\u00e9 sexologie - Mardi 12 mai - 18h30-20h - L&#039;Occasion Caf\u00e9\" \/>\n<meta property=\"og:description\" content=\"Le d\u00e9sir\u2026 mais de quoi parle-t-on vraiment ? D\u00e9sir, envie, libido : quelles diff\u00e9rences ?Peut-on d\u00e9sirer sans aimer ? Aimer sans d\u00e9sirer ? Comment le d\u00e9sir na\u00eet-il, s\u2019exprime-t-il, \u00e9volue-t-il ? Peut-il durer dans le temps ?\" \/>\n<meta property=\"og:url\" content=\"https:\/\/www.loccasioncafe.com\/?product=cafe-sexologie-mardi-12-mai-18h30-20h\" \/>\n<meta property=\"og:site_name\" content=\"L&#039;Occasion Caf\u00e9\" \/>\n<meta property=\"og:image\" content=\"https:\/\/www.loccasioncafe.com\/wp-content\/uploads\/2026\/04\/AdobeStock_1739240112-scaled.jpeg\" \/>\n\t<meta property=\"og:image:width\" content=\"2560\" \/>\n\t<meta property=\"og:image:height\" content=\"1435\" \/>\n\t<meta property=\"og:image:type\" content=\"image\/jpeg\" \/>\n<meta name=\"twitter:card\" content=\"summary_large_image\" \/>\n<meta name=\"twitter:label1\" content=\"Dur\u00e9e de lecture estim\u00e9e\" \/>\n\t<meta name=\"twitter:data1\" content=\"1 minute\" \/>\n<script type=\"application\/ld+json\" class=\"yoast-schema-graph\">{\"@context\":\"https:\\\/\\\/schema.org\",\"@graph\":[{\"@type\":\"WebPage\",\"@id\":\"https:\\\/\\\/www.loccasioncafe.com\\\/?product=cafe-sexologie-mardi-12-mai-18h30-20h\",\"url\":\"https:\\\/\\\/www.loccasioncafe.com\\\/?product=cafe-sexologie-mardi-12-mai-18h30-20h\",\"name\":\"Caf\u00e9 sexologie - Mardi 12 mai - 18h30-20h - L&#039;Occasion Caf\u00e9\",\"isPartOf\":{\"@id\":\"https:\\\/\\\/www.loccasioncafe.com\\\/#website\"},\"primaryImageOfPage\":{\"@id\":\"https:\\\/\\\/www.loccasioncafe.com\\\/?product=cafe-sexologie-mardi-12-mai-18h30-20h#primaryimage\"},\"image\":{\"@id\":\"https:\\\/\\\/www.loccasioncafe.com\\\/?product=cafe-sexologie-mardi-12-mai-18h30-20h#primaryimage\"},\"thumbnailUrl\":\"https:\\\/\\\/www.loccasioncafe.com\\\/wp-content\\\/uploads\\\/2026\\\/04\\\/AdobeStock_1739240112-scaled.jpeg\",\"datePublished\":\"2026-04-27T14:14:23+00:00\",\"description\":\"Le d\u00e9sir\u2026 mais de quoi parle-t-on vraiment ? D\u00e9sir, envie, libido : quelles diff\u00e9rences ?Peut-on d\u00e9sirer sans aimer ? Aimer sans d\u00e9sirer ? Comment le d\u00e9sir na\u00eet-il, s\u2019exprime-t-il, \u00e9volue-t-il ? Peut-il durer dans le temps ?\",\"breadcrumb\":{\"@id\":\"https:\\\/\\\/www.loccasioncafe.com\\\/?product=cafe-sexologie-mardi-12-mai-18h30-20h#breadcrumb\"},\"inLanguage\":\"fr-FR\",\"potentialAction\":[{\"@type\":\"ReadAction\",\"target\":[\"https:\\\/\\\/www.loccasioncafe.com\\\/?product=cafe-sexologie-mardi-12-mai-18h30-20h\"]}]},{\"@type\":\"ImageObject\",\"inLanguage\":\"fr-FR\",\"@id\":\"https:\\\/\\\/www.loccasioncafe.com\\\/?product=cafe-sexologie-mardi-12-mai-18h30-20h#primaryimage\",\"url\":\"https:\\\/\\\/www.loccasioncafe.com\\\/wp-content\\\/uploads\\\/2026\\\/04\\\/AdobeStock_1739240112-scaled.jpeg\",\"contentUrl\":\"https:\\\/\\\/www.loccasioncafe.com\\\/wp-content\\\/uploads\\\/2026\\\/04\\\/AdobeStock_1739240112-scaled.jpeg\",\"width\":2560,\"height\":1435,\"caption\":\"a diverse group of people sitting in a circle, having a discussion with a white woman leader at a business workshop or conference meeting.\"},{\"@type\":\"BreadcrumbList\",\"@id\":\"https:\\\/\\\/www.loccasioncafe.com\\\/?product=cafe-sexologie-mardi-12-mai-18h30-20h#breadcrumb\",\"itemListElement\":[{\"@type\":\"ListItem\",\"position\":1,\"name\":\"Accueil\",\"item\":\"https:\\\/\\\/www.loccasioncafe.com\\\/?page_id=797&lang=fr\"},{\"@type\":\"ListItem\",\"position\":2,\"name\":\"Boutique\",\"item\":\"https:\\\/\\\/www.loccasioncafe.com\\\/?page_id=4492&lang=fr\"},{\"@type\":\"ListItem\",\"position\":3,\"name\":\"Caf\u00e9 sexologie &#8211; Mardi 12 mai &#8211; 18h30-20h\"}]},{\"@type\":\"WebSite\",\"@id\":\"https:\\\/\\\/www.loccasioncafe.com\\\/#website\",\"url\":\"https:\\\/\\\/www.loccasioncafe.com\\\/\",\"name\":\"L&#039;Occasion Caf\u00e9\",\"description\":\"Coffee Shop et Bar \u00e0 Vins \u00e0 Reims\",\"publisher\":{\"@id\":\"https:\\\/\\\/www.loccasioncafe.com\\\/#organization\"},\"potentialAction\":[{\"@type\":\"SearchAction\",\"target\":{\"@type\":\"EntryPoint\",\"urlTemplate\":\"https:\\\/\\\/www.loccasioncafe.com\\\/?s={search_term_string}\"},\"query-input\":{\"@type\":\"PropertyValueSpecification\",\"valueRequired\":true,\"valueName\":\"search_term_string\"}}],\"inLanguage\":\"fr-FR\"},{\"@type\":\"Organization\",\"@id\":\"https:\\\/\\\/www.loccasioncafe.com\\\/#organization\",\"name\":\"L&#039;Occasion Caf\u00e9\",\"url\":\"https:\\\/\\\/www.loccasioncafe.com\\\/\",\"logo\":{\"@type\":\"ImageObject\",\"inLanguage\":\"fr-FR\",\"@id\":\"https:\\\/\\\/www.loccasioncafe.com\\\/#\\\/schema\\\/logo\\\/image\\\/\",\"url\":\"https:\\\/\\\/www.loccasioncafe.com\\\/wp-content\\\/uploads\\\/2022\\\/03\\\/logo-loccasion.png\",\"contentUrl\":\"https:\\\/\\\/www.loccasioncafe.com\\\/wp-content\\\/uploads\\\/2022\\\/03\\\/logo-loccasion.png\",\"width\":1562,\"height\":1327,\"caption\":\"L&#039;Occasion Caf\u00e9\"},\"image\":{\"@id\":\"https:\\\/\\\/www.loccasioncafe.com\\\/#\\\/schema\\\/logo\\\/image\\\/\"}}]}<\/script>\n<!-- \/ Yoast SEO plugin. -->","yoast_head_json":{"title":"Caf\u00e9 sexologie - Mardi 12 mai - 18h30-20h - L&#039;Occasion Caf\u00e9","description":"Le d\u00e9sir\u2026 mais de quoi parle-t-on vraiment ? D\u00e9sir, envie, libido : quelles diff\u00e9rences ?Peut-on d\u00e9sirer sans aimer ? Aimer sans d\u00e9sirer ? Comment le d\u00e9sir na\u00eet-il, s\u2019exprime-t-il, \u00e9volue-t-il ? Peut-il durer dans le temps ?","robots":{"index":"index","follow":"follow","max-snippet":"max-snippet:-1","max-image-preview":"max-image-preview:large","max-video-preview":"max-video-preview:-1"},"canonical":"https:\/\/www.loccasioncafe.com\/?product=cafe-sexologie-mardi-12-mai-18h30-20h","og_locale":"fr_FR","og_type":"article","og_title":"Caf\u00e9 sexologie - Mardi 12 mai - 18h30-20h - L&#039;Occasion Caf\u00e9","og_description":"Le d\u00e9sir\u2026 mais de quoi parle-t-on vraiment ? D\u00e9sir, envie, libido : quelles diff\u00e9rences ?Peut-on d\u00e9sirer sans aimer ? Aimer sans d\u00e9sirer ? Comment le d\u00e9sir na\u00eet-il, s\u2019exprime-t-il, \u00e9volue-t-il ? Peut-il durer dans le temps ?","og_url":"https:\/\/www.loccasioncafe.com\/?product=cafe-sexologie-mardi-12-mai-18h30-20h","og_site_name":"L&#039;Occasion Caf\u00e9","og_image":[{"width":2560,"height":1435,"url":"https:\/\/www.loccasioncafe.com\/wp-content\/uploads\/2026\/04\/AdobeStock_1739240112-scaled.jpeg","type":"image\/jpeg"}],"twitter_card":"summary_large_image","twitter_misc":{"Dur\u00e9e de lecture estim\u00e9e":"1 minute"},"schema":{"@context":"https:\/\/schema.org","@graph":[{"@type":"WebPage","@id":"https:\/\/www.loccasioncafe.com\/?product=cafe-sexologie-mardi-12-mai-18h30-20h","url":"https:\/\/www.loccasioncafe.com\/?product=cafe-sexologie-mardi-12-mai-18h30-20h","name":"Caf\u00e9 sexologie - Mardi 12 mai - 18h30-20h - L&#039;Occasion Caf\u00e9","isPartOf":{"@id":"https:\/\/www.loccasioncafe.com\/#website"},"primaryImageOfPage":{"@id":"https:\/\/www.loccasioncafe.com\/?product=cafe-sexologie-mardi-12-mai-18h30-20h#primaryimage"},"image":{"@id":"https:\/\/www.loccasioncafe.com\/?product=cafe-sexologie-mardi-12-mai-18h30-20h#primaryimage"},"thumbnailUrl":"https:\/\/www.loccasioncafe.com\/wp-content\/uploads\/2026\/04\/AdobeStock_1739240112-scaled.jpeg","datePublished":"2026-04-27T14:14:23+00:00","description":"Le d\u00e9sir\u2026 mais de quoi parle-t-on vraiment ? D\u00e9sir, envie, libido : quelles diff\u00e9rences ?Peut-on d\u00e9sirer sans aimer ? Aimer sans d\u00e9sirer ? Comment le d\u00e9sir na\u00eet-il, s\u2019exprime-t-il, \u00e9volue-t-il ? Peut-il durer dans le temps ?","breadcrumb":{"@id":"https:\/\/www.loccasioncafe.com\/?product=cafe-sexologie-mardi-12-mai-18h30-20h#breadcrumb"},"inLanguage":"fr-FR","potentialAction":[{"@type":"ReadAction","target":["https:\/\/www.loccasioncafe.com\/?product=cafe-sexologie-mardi-12-mai-18h30-20h"]}]},{"@type":"ImageObject","inLanguage":"fr-FR","@id":"https:\/\/www.loccasioncafe.com\/?product=cafe-sexologie-mardi-12-mai-18h30-20h#primaryimage","url":"https:\/\/www.loccasioncafe.com\/wp-content\/uploads\/2026\/04\/AdobeStock_1739240112-scaled.jpeg","contentUrl":"https:\/\/www.loccasioncafe.com\/wp-content\/uploads\/2026\/04\/AdobeStock_1739240112-scaled.jpeg","width":2560,"height":1435,"caption":"a diverse group of people sitting in a circle, having a discussion with a white woman leader at a business workshop or conference meeting."},{"@type":"BreadcrumbList","@id":"https:\/\/www.loccasioncafe.com\/?product=cafe-sexologie-mardi-12-mai-18h30-20h#breadcrumb","itemListElement":[{"@type":"ListItem","position":1,"name":"Accueil","item":"https:\/\/www.loccasioncafe.com\/?page_id=797&lang=fr"},{"@type":"ListItem","position":2,"name":"Boutique","item":"https:\/\/www.loccasioncafe.com\/?page_id=4492&lang=fr"},{"@type":"ListItem","position":3,"name":"Caf\u00e9 sexologie &#8211; Mardi 12 mai &#8211; 18h30-20h"}]},{"@type":"WebSite","@id":"https:\/\/www.loccasioncafe.com\/#website","url":"https:\/\/www.loccasioncafe.com\/","name":"L&#039;Occasion Caf\u00e9","description":"Coffee Shop et Bar \u00e0 Vins \u00e0 Reims","publisher":{"@id":"https:\/\/www.loccasioncafe.com\/#organization"},"potentialAction":[{"@type":"SearchAction","target":{"@type":"EntryPoint","urlTemplate":"https:\/\/www.loccasioncafe.com\/?s={search_term_string}"},"query-input":{"@type":"PropertyValueSpecification","valueRequired":true,"valueName":"search_term_string"}}],"inLanguage":"fr-FR"},{"@type":"Organization","@id":"https:\/\/www.loccasioncafe.com\/#organization","name":"L&#039;Occasion Caf\u00e9","url":"https:\/\/www.loccasioncafe.com\/","logo":{"@type":"ImageObject","inLanguage":"fr-FR","@id":"https:\/\/www.loccasioncafe.com\/#\/schema\/logo\/image\/","url":"https:\/\/www.loccasioncafe.com\/wp-content\/uploads\/2022\/03\/logo-loccasion.png","contentUrl":"https:\/\/www.loccasioncafe.com\/wp-content\/uploads\/2022\/03\/logo-loccasion.png","width":1562,"height":1327,"caption":"L&#039;Occasion Caf\u00e9"},"image":{"@id":"https:\/\/www.loccasioncafe.com\/#\/schema\/logo\/image\/"}}]}},"jetpack_sharing_enabled":true,"_links":{"self":[{"href":"https:\/\/www.loccasioncafe.com\/index.php?rest_route=\/wp\/v2\/product\/4928","targetHints":{"allow":["GET"]}}],"collection":[{"href":"https:\/\/www.loccasioncafe.com\/index.php?rest_route=\/wp\/v2\/product"}],"about":[{"href":"https:\/\/www.loccasioncafe.com\/index.php?rest_route=\/wp\/v2\/types\/product"}],"replies":[{"embeddable":true,"href":"https:\/\/www.loccasioncafe.com\/index.php?rest_route=%2Fwp%2Fv2%2Fcomments&post=4928"}],"wp:featuredmedia":[{"embeddable":true,"href":"https:\/\/www.loccasioncafe.com\/index.php?rest_route=\/wp\/v2\/media\/4930"}],"wp:attachment":[{"href":"https:\/\/www.loccasioncafe.com\/index.php?rest_route=%2Fwp%2Fv2%2Fmedia&parent=4928"}],"wp:term":[{"taxonomy":"product_brand","embeddable":true,"href":"https:\/\/www.loccasioncafe.com\/index.php?rest_route=%2Fwp%2Fv2%2Fproduct_brand&post=4928"},{"taxonomy":"product_cat","embeddable":true,"href":"https:\/\/www.loccasioncafe.com\/index.php?rest_route=%2Fwp%2Fv2%2Fproduct_cat&post=4928"},{"taxonomy":"product_tag","embeddable":true,"href":"https:\/\/www.loccasioncafe.com\/index.php?rest_route=%2Fwp%2Fv2%2Fproduct_tag&post=4928"}],"curies":[{"name":"wp","href":"https:\/\/api.w.org\/{rel}","templated":true}]}}